{"id":248,"date":"2024-08-08T14:37:51","date_gmt":"2024-08-08T12:37:51","guid":{"rendered":"https:\/\/conflansmontjoie.org\/?page_id=248"},"modified":"2025-07-15T11:55:52","modified_gmt":"2025-07-15T09:55:52","slug":"le-club-aujourdhui","status":"publish","type":"page","link":"https:\/\/conflansmontjoie.org\/?page_id=248","title":{"rendered":"Les membres Lions du club"},"content":{"rendered":"\t\t<div data-elementor-type=\"wp-page\" data-elementor-id=\"248\" class=\"elementor elementor-248\">\n\t\t\t\t<div class=\"elementor-element elementor-element-66911c8 e-grid e-con-boxed e-con e-parent\" data-id=\"66911c8\" data-element_type=\"container\" data-e-type=\"container\">\n\t\t\t\t\t<div class=\"e-con-inner\">\n\t\t\t\t<div class=\"elementor-element elementor-element-ee7ccef elementor-widget elementor-widget-image\" data-id=\"ee7ccef\" data-element_type=\"widget\" data-e-type=\"widget\" data-widget_type=\"image.default\">\n\t\t\t\t<div class=\"elementor-widget-container\">\n\t\t\t\t\t\t\t\t\t\t\t\t\t\t\t<img fetchpriority=\"high\" decoding=\"async\" width=\"225\" height=\"300\" src=\"https:\/\/conflansmontjoie.org\/wp-content\/uploads\/2025\/02\/Daouda_Herve-225x300.png\" class=\"attachment-medium size-medium wp-image-1182\" alt=\"\" srcset=\"https:\/\/conflansmontjoie.org\/wp-content\/uploads\/2025\/02\/Daouda_Herve-225x300.png 225w, https:\/\/conflansmontjoie.org\/wp-content\/uploads\/2025\/02\/Daouda_Herve.png 433w\" sizes=\"(max-width: 225px) 100vw, 225px\" \/>\t\t\t\t\t\t\t\t\t\t\t\t\t\t\t<\/div>\n\t\t\t\t<\/div>\n\t\t\t\t<div class=\"elementor-element elementor-element-2237181 elementor-widget elementor-widget-text-editor\" data-id=\"2237181\" data-element_type=\"widget\" data-e-type=\"widget\" data-widget_type=\"text-editor.default\">\n\t\t\t\t<div class=\"elementor-widget-container\">\n\t\t\t\t\t\t\t\t\t<p>Herv\u00e9 DAOUDA, en activ\u00e9.<\/p><p>Entr\u00e9e dans le club en 2024<\/p>\t\t\t\t\t\t\t\t<\/div>\n\t\t\t\t<\/div>\n\t\t\t\t<div class=\"elementor-element elementor-element-bb2da11 elementor-widget elementor-widget-image\" data-id=\"bb2da11\" data-element_type=\"widget\" data-e-type=\"widget\" data-widget_type=\"image.default\">\n\t\t\t\t<div class=\"elementor-widget-container\">\n\t\t\t\t\t\t\t\t\t\t\t\t\t\t\t<img decoding=\"async\" width=\"124\" height=\"180\" src=\"https:\/\/conflansmontjoie.org\/wp-content\/uploads\/2025\/02\/Froger_Thierry.png\" class=\"attachment-medium size-medium wp-image-1230\" alt=\"\" \/>\t\t\t\t\t\t\t\t\t\t\t\t\t\t\t<\/div>\n\t\t\t\t<\/div>\n\t\t\t\t<div class=\"elementor-element elementor-element-ab4e405 elementor-widget__width-inherit elementor-widget elementor-widget-text-editor\" data-id=\"ab4e405\" data-element_type=\"widget\" data-e-type=\"widget\" data-widget_type=\"text-editor.default\">\n\t\t\t\t<div class=\"elementor-widget-container\">\n\t\t\t\t\t\t\t\t\t<p>Thierry FROGER, je conduis des enfants avec un handicap.<\/p><p>Intronis\u00e9 en 2024<\/p>\t\t\t\t\t\t\t\t<\/div>\n\t\t\t\t<\/div>\n\t\t\t\t<div class=\"elementor-element elementor-element-e60f781 elementor-widget elementor-widget-image\" data-id=\"e60f781\" data-element_type=\"widget\" data-e-type=\"widget\" data-widget_type=\"image.default\">\n\t\t\t\t<div class=\"elementor-widget-container\">\n\t\t\t\t\t\t\t\t\t\t\t\t\t\t\t<img decoding=\"async\" width=\"247\" height=\"300\" src=\"https:\/\/conflansmontjoie.org\/wp-content\/uploads\/2025\/02\/Limozin_Jean-247x300.png\" class=\"attachment-medium size-medium wp-image-1183\" alt=\"\" srcset=\"https:\/\/conflansmontjoie.org\/wp-content\/uploads\/2025\/02\/Limozin_Jean-247x300.png 247w, https:\/\/conflansmontjoie.org\/wp-content\/uploads\/2025\/02\/Limozin_Jean.png 453w\" sizes=\"(max-width: 247px) 100vw, 247px\" \/>\t\t\t\t\t\t\t\t\t\t\t\t\t\t\t<\/div>\n\t\t\t\t<\/div>\n\t\t\t\t<div class=\"elementor-element elementor-element-07b0ee7 elementor-widget elementor-widget-text-editor\" data-id=\"07b0ee7\" data-element_type=\"widget\" data-e-type=\"widget\" data-widget_type=\"text-editor.default\">\n\t\t\t\t<div class=\"elementor-widget-container\">\n\t\t\t\t\t\t\t\t\t<p>Jean LIMOZIN, entrepreneur.<\/p><p>Entr\u00e9e dans le club en 2023<\/p>\t\t\t\t\t\t\t\t<\/div>\n\t\t\t\t<\/div>\n\t\t\t\t<div class=\"elementor-element elementor-element-42cc50b elementor-widget elementor-widget-image\" data-id=\"42cc50b\" data-element_type=\"widget\" data-e-type=\"widget\" data-widget_type=\"image.default\">\n\t\t\t\t<div class=\"elementor-widget-container\">\n\t\t\t\t\t\t\t\t\t\t\t\t\t\t\t<img loading=\"lazy\" decoding=\"async\" width=\"150\" height=\"150\" src=\"https:\/\/conflansmontjoie.org\/wp-content\/uploads\/2025\/07\/L1486479-150x150.jpg\" class=\"attachment-thumbnail size-thumbnail wp-image-4204\" alt=\"\" srcset=\"https:\/\/conflansmontjoie.org\/wp-content\/uploads\/2025\/07\/L1486479-150x150.jpg 150w, https:\/\/conflansmontjoie.org\/wp-content\/uploads\/2025\/07\/L1486479-300x300.jpg 300w, https:\/\/conflansmontjoie.org\/wp-content\/uploads\/2025\/07\/L1486479-75x75.jpg 75w, https:\/\/conflansmontjoie.org\/wp-content\/uploads\/2025\/07\/L1486479.jpg 608w\" sizes=\"(max-width: 150px) 100vw, 150px\" \/>\t\t\t\t\t\t\t\t\t\t\t\t\t\t\t<\/div>\n\t\t\t\t<\/div>\n\t\t\t\t<div class=\"elementor-element elementor-element-d5e9706 elementor-widget elementor-widget-text-editor\" data-id=\"d5e9706\" data-element_type=\"widget\" data-e-type=\"widget\" data-widget_type=\"text-editor.default\">\n\t\t\t\t<div class=\"elementor-widget-container\">\n\t\t\t\t\t\t\t\t\t<p>Pierre Alexandre MORVANT, en activit\u00e9<\/p><p>Intronis\u00e9 en 2023<\/p>\t\t\t\t\t\t\t\t<\/div>\n\t\t\t\t<\/div>\n\t\t\t\t<div class=\"elementor-element elementor-element-1ad08c0 elementor-widget elementor-widget-image\" data-id=\"1ad08c0\" data-element_type=\"widget\" data-e-type=\"widget\" data-widget_type=\"image.default\">\n\t\t\t\t<div class=\"elementor-widget-container\">\n\t\t\t\t\t\t\t\t\t\t\t\t\t\t\t<img loading=\"lazy\" decoding=\"async\" width=\"140\" height=\"180\" src=\"https:\/\/conflansmontjoie.org\/wp-content\/uploads\/2025\/02\/Denler_Anick.png\" class=\"attachment-medium size-medium wp-image-1229\" alt=\"\" \/>\t\t\t\t\t\t\t\t\t\t\t\t\t\t\t<\/div>\n\t\t\t\t<\/div>\n\t\t\t\t<div class=\"elementor-element elementor-element-8f6196f elementor-widget elementor-widget-text-editor\" data-id=\"8f6196f\" data-element_type=\"widget\" data-e-type=\"widget\" data-widget_type=\"text-editor.default\">\n\t\t\t\t<div class=\"elementor-widget-container\">\n\t\t\t\t\t\t\t\t\t<p>Anick DENNLER, \u00e0 la retraite.<\/p><p>Intronis\u00e9e en 2022<\/p>\t\t\t\t\t\t\t\t<\/div>\n\t\t\t\t<\/div>\n\t\t\t\t<div class=\"elementor-element elementor-element-f1a0044 elementor-widget elementor-widget-image\" data-id=\"f1a0044\" data-element_type=\"widget\" data-e-type=\"widget\" data-widget_type=\"image.default\">\n\t\t\t\t<div class=\"elementor-widget-container\">\n\t\t\t\t\t\t\t\t\t\t\t\t\t\t\t<img loading=\"lazy\" decoding=\"async\" width=\"196\" height=\"240\" src=\"https:\/\/conflansmontjoie.org\/wp-content\/uploads\/2025\/02\/Pautet_Bernard.png\" class=\"attachment-medium size-medium wp-image-1164\" alt=\"\" \/>\t\t\t\t\t\t\t\t\t\t\t\t\t\t\t<\/div>\n\t\t\t\t<\/div>\n\t\t\t\t<div class=\"elementor-element elementor-element-bfeaeb5 elementor-widget elementor-widget-text-editor\" data-id=\"bfeaeb5\" data-element_type=\"widget\" data-e-type=\"widget\" data-widget_type=\"text-editor.default\">\n\t\t\t\t<div class=\"elementor-widget-container\">\n\t\t\t\t\t\t\t\t\t<p>Bernard PAUTET, \u00e0 la retraite.<\/p><p>Intronis\u00e9 en 2019<\/p>\t\t\t\t\t\t\t\t<\/div>\n\t\t\t\t<\/div>\n\t\t\t\t<div class=\"elementor-element elementor-element-be46133 elementor-widget elementor-widget-image\" data-id=\"be46133\" data-element_type=\"widget\" data-e-type=\"widget\" data-widget_type=\"image.default\">\n\t\t\t\t<div class=\"elementor-widget-container\">\n\t\t\t\t\t\t\t\t\t\t\t\t\t\t\t<img loading=\"lazy\" decoding=\"async\" width=\"300\" height=\"300\" src=\"https:\/\/conflansmontjoie.org\/wp-content\/uploads\/2025\/03\/Portrait-Lions-Thierry-300x300.jpg\" class=\"attachment-medium size-medium wp-image-1420\" alt=\"\" srcset=\"https:\/\/conflansmontjoie.org\/wp-content\/uploads\/2025\/03\/Portrait-Lions-Thierry-300x300.jpg 300w, https:\/\/conflansmontjoie.org\/wp-content\/uploads\/2025\/03\/Portrait-Lions-Thierry-1024x1024.jpg 1024w, https:\/\/conflansmontjoie.org\/wp-content\/uploads\/2025\/03\/Portrait-Lions-Thierry-150x150.jpg 150w, https:\/\/conflansmontjoie.org\/wp-content\/uploads\/2025\/03\/Portrait-Lions-Thierry-768x768.jpg 768w, https:\/\/conflansmontjoie.org\/wp-content\/uploads\/2025\/03\/Portrait-Lions-Thierry-1536x1536.jpg 1536w, https:\/\/conflansmontjoie.org\/wp-content\/uploads\/2025\/03\/Portrait-Lions-Thierry-1140x1140.jpg 1140w, https:\/\/conflansmontjoie.org\/wp-content\/uploads\/2025\/03\/Portrait-Lions-Thierry-75x75.jpg 75w, https:\/\/conflansmontjoie.org\/wp-content\/uploads\/2025\/03\/Portrait-Lions-Thierry.jpg 2048w\" sizes=\"(max-width: 300px) 100vw, 300px\" \/>\t\t\t\t\t\t\t\t\t\t\t\t\t\t\t<\/div>\n\t\t\t\t<\/div>\n\t\t\t\t<div class=\"elementor-element elementor-element-a0cace8 elementor-widget elementor-widget-text-editor\" data-id=\"a0cace8\" data-element_type=\"widget\" data-e-type=\"widget\" data-widget_type=\"text-editor.default\">\n\t\t\t\t<div class=\"elementor-widget-container\">\n\t\t\t\t\t\t\t\t\t<p>Thierry DORNBERGER, fonctionnaire<\/p><p>Intronis\u00e9e en 2018<\/p>\t\t\t\t\t\t\t\t<\/div>\n\t\t\t\t<\/div>\n\t\t\t\t<div class=\"elementor-element elementor-element-3113e5d elementor-widget elementor-widget-image\" data-id=\"3113e5d\" data-element_type=\"widget\" data-e-type=\"widget\" data-widget_type=\"image.default\">\n\t\t\t\t<div class=\"elementor-widget-container\">\n\t\t\t\t\t\t\t\t\t\t\t\t\t\t\t<img loading=\"lazy\" decoding=\"async\" width=\"96\" height=\"120\" src=\"https:\/\/conflansmontjoie.org\/wp-content\/uploads\/2025\/02\/Glikou_Gilles.png\" class=\"attachment-medium size-medium wp-image-1169\" alt=\"\" \/>\t\t\t\t\t\t\t\t\t\t\t\t\t\t\t<\/div>\n\t\t\t\t<\/div>\n\t\t\t\t<div class=\"elementor-element elementor-element-a8ceb00 elementor-widget elementor-widget-text-editor\" data-id=\"a8ceb00\" data-element_type=\"widget\" data-e-type=\"widget\" data-widget_type=\"text-editor.default\">\n\t\t\t\t<div class=\"elementor-widget-container\">\n\t\t\t\t\t\t\t\t\t<p>Gilles GLIKOU, en activit\u00e9<\/p><p>Entr\u00e9e au club en 2018<\/p>\t\t\t\t\t\t\t\t<\/div>\n\t\t\t\t<\/div>\n\t\t\t\t<div class=\"elementor-element elementor-element-3c2c883 elementor-widget elementor-widget-image\" data-id=\"3c2c883\" data-element_type=\"widget\" data-e-type=\"widget\" data-widget_type=\"image.default\">\n\t\t\t\t<div class=\"elementor-widget-container\">\n\t\t\t\t\t\t\t\t\t\t\t\t\t\t\t<img loading=\"lazy\" decoding=\"async\" width=\"300\" height=\"300\" src=\"https:\/\/conflansmontjoie.org\/wp-content\/uploads\/2025\/07\/JC-MICHAUD-300x300.jpg\" class=\"attachment-medium size-medium wp-image-4096\" alt=\"\" srcset=\"https:\/\/conflansmontjoie.org\/wp-content\/uploads\/2025\/07\/JC-MICHAUD-300x300.jpg 300w, https:\/\/conflansmontjoie.org\/wp-content\/uploads\/2025\/07\/JC-MICHAUD-150x150.jpg 150w, https:\/\/conflansmontjoie.org\/wp-content\/uploads\/2025\/07\/JC-MICHAUD-768x768.jpg 768w, https:\/\/conflansmontjoie.org\/wp-content\/uploads\/2025\/07\/JC-MICHAUD-75x75.jpg 75w, https:\/\/conflansmontjoie.org\/wp-content\/uploads\/2025\/07\/JC-MICHAUD.jpg 998w\" sizes=\"(max-width: 300px) 100vw, 300px\" \/>\t\t\t\t\t\t\t\t\t\t\t\t\t\t\t<\/div>\n\t\t\t\t<\/div>\n\t\t\t\t<div class=\"elementor-element elementor-element-2dbed12 elementor-widget elementor-widget-text-editor\" data-id=\"2dbed12\" data-element_type=\"widget\" data-e-type=\"widget\" data-widget_type=\"text-editor.default\">\n\t\t\t\t<div class=\"elementor-widget-container\">\n\t\t\t\t\t\t\t\t\t<p>Jean-Claude MICHAUD, \u00e0 la retraite<\/p><p>Intronis\u00e9 en 2016<\/p>\t\t\t\t\t\t\t\t<\/div>\n\t\t\t\t<\/div>\n\t\t\t\t<div class=\"elementor-element elementor-element-9e0b53a elementor-widget elementor-widget-image\" data-id=\"9e0b53a\" data-element_type=\"widget\" data-e-type=\"widget\" data-widget_type=\"image.default\">\n\t\t\t\t<div class=\"elementor-widget-container\">\n\t\t\t\t\t\t\t\t\t\t\t\t\t\t\t<img loading=\"lazy\" decoding=\"async\" width=\"300\" height=\"300\" src=\"https:\/\/conflansmontjoie.org\/wp-content\/uploads\/2025\/07\/BERTRAND-OGEE-300x300.jpg\" class=\"attachment-medium size-medium wp-image-4098\" alt=\"\" srcset=\"https:\/\/conflansmontjoie.org\/wp-content\/uploads\/2025\/07\/BERTRAND-OGEE-300x300.jpg 300w, https:\/\/conflansmontjoie.org\/wp-content\/uploads\/2025\/07\/BERTRAND-OGEE-150x150.jpg 150w, https:\/\/conflansmontjoie.org\/wp-content\/uploads\/2025\/07\/BERTRAND-OGEE-768x768.jpg 768w, https:\/\/conflansmontjoie.org\/wp-content\/uploads\/2025\/07\/BERTRAND-OGEE-75x75.jpg 75w, https:\/\/conflansmontjoie.org\/wp-content\/uploads\/2025\/07\/elementor\/thumbs\/BERTRAND-OGEE-r8f1k64wt93wusrpe12caejzvmzm4hurfihr7bghbk.jpg 120w, https:\/\/conflansmontjoie.org\/wp-content\/uploads\/2025\/07\/BERTRAND-OGEE.jpg 782w\" sizes=\"(max-width: 300px) 100vw, 300px\" \/>\t\t\t\t\t\t\t\t\t\t\t\t\t\t\t<\/div>\n\t\t\t\t<\/div>\n\t\t\t\t<div class=\"elementor-element elementor-element-6a14cfb elementor-widget elementor-widget-text-editor\" data-id=\"6a14cfb\" data-element_type=\"widget\" data-e-type=\"widget\" data-widget_type=\"text-editor.default\">\n\t\t\t\t<div class=\"elementor-widget-container\">\n\t\t\t\t\t\t\t\t\t<p>Bertrand OGEE, \u00e0 la retraite.<\/p><p>Intronis\u00e9 en 2014<\/p>\t\t\t\t\t\t\t\t<\/div>\n\t\t\t\t<\/div>\n\t\t\t\t<div class=\"elementor-element elementor-element-36969d7 elementor-widget elementor-widget-image\" data-id=\"36969d7\" data-element_type=\"widget\" data-e-type=\"widget\" data-widget_type=\"image.default\">\n\t\t\t\t<div class=\"elementor-widget-container\">\n\t\t\t\t\t\t\t\t\t\t\t\t\t\t\t<img loading=\"lazy\" decoding=\"async\" width=\"81\" height=\"111\" src=\"https:\/\/conflansmontjoie.org\/wp-content\/uploads\/2025\/02\/Goxe_Edouard.png\" class=\"attachment-medium size-medium wp-image-1168\" alt=\"\" \/>\t\t\t\t\t\t\t\t\t\t\t\t\t\t\t<\/div>\n\t\t\t\t<\/div>\n\t\t\t\t<div class=\"elementor-element elementor-element-08f77f1 elementor-widget elementor-widget-text-editor\" data-id=\"08f77f1\" data-element_type=\"widget\" data-e-type=\"widget\" data-widget_type=\"text-editor.default\">\n\t\t\t\t<div class=\"elementor-widget-container\">\n\t\t\t\t\t\t\t\t\t<p>Edouard GOXE, en activit\u00e9<\/p><p>Intronis\u00e9 en 2013<\/p>\t\t\t\t\t\t\t\t<\/div>\n\t\t\t\t<\/div>\n\t\t\t\t<div class=\"elementor-element elementor-element-782a64c elementor-widget elementor-widget-image\" data-id=\"782a64c\" data-element_type=\"widget\" data-e-type=\"widget\" data-widget_type=\"image.default\">\n\t\t\t\t<div class=\"elementor-widget-container\">\n\t\t\t\t\t\t\t\t\t\t\t\t\t\t\t<img loading=\"lazy\" decoding=\"async\" width=\"83\" height=\"118\" src=\"https:\/\/conflansmontjoie.org\/wp-content\/uploads\/2025\/02\/Buslon_Jean-Claude.png\" class=\"attachment-medium size-medium wp-image-1174\" alt=\"\" \/>\t\t\t\t\t\t\t\t\t\t\t\t\t\t\t<\/div>\n\t\t\t\t<\/div>\n\t\t\t\t<div class=\"elementor-element elementor-element-30c4090 elementor-widget elementor-widget-text-editor\" data-id=\"30c4090\" data-element_type=\"widget\" data-e-type=\"widget\" data-widget_type=\"text-editor.default\">\n\t\t\t\t<div class=\"elementor-widget-container\">\n\t\t\t\t\t\t\t\t\t<p>Jean-Claude BUSLON, \u00e0 la retraite<\/p><p>Intronis\u00e9 en 2013<\/p>\t\t\t\t\t\t\t\t<\/div>\n\t\t\t\t<\/div>\n\t\t\t\t<div class=\"elementor-element elementor-element-c514ace elementor-widget__width-inherit elementor-widget elementor-widget-image\" data-id=\"c514ace\" data-element_type=\"widget\" data-e-type=\"widget\" data-widget_type=\"image.default\">\n\t\t\t\t<div class=\"elementor-widget-container\">\n\t\t\t\t\t\t\t\t\t\t\t\t<figure class=\"wp-caption\">\n\t\t\t\t\t\t\t\t\t\t<img loading=\"lazy\" decoding=\"async\" width=\"237\" height=\"230\" src=\"https:\/\/conflansmontjoie.org\/wp-content\/uploads\/2025\/03\/JR.jpg\" class=\"attachment-medium_large size-medium_large wp-image-1412\" alt=\"\" \/>\t\t\t\t\t\t\t\t\t\t\t<figcaption class=\"widget-image-caption wp-caption-text\"><\/figcaption>\n\t\t\t\t\t\t\t\t\t\t<\/figure>\n\t\t\t\t\t\t\t\t\t<\/div>\n\t\t\t\t<\/div>\n\t\t\t\t<div class=\"elementor-element elementor-element-6eb3b9e elementor-widget elementor-widget-text-editor\" data-id=\"6eb3b9e\" data-element_type=\"widget\" data-e-type=\"widget\" data-widget_type=\"text-editor.default\">\n\t\t\t\t<div class=\"elementor-widget-container\">\n\t\t\t\t\t\t\t\t\t<p>Jean Rapha\u00ebl THIERRY FORESTIER LAMBERT, en activit\u00e9<\/p><p>Intronis\u00e9 en 2013<\/p><p><a href=\"https:\/\/conflansmontjoie.org\/?p=2682\">Gouverneur 2024-2025 District 103 IDFO<\/a><\/p>\t\t\t\t\t\t\t\t<\/div>\n\t\t\t\t<\/div>\n\t\t\t\t<div class=\"elementor-element elementor-element-3cbc1ef elementor-widget elementor-widget-image\" data-id=\"3cbc1ef\" data-element_type=\"widget\" data-e-type=\"widget\" data-widget_type=\"image.default\">\n\t\t\t\t<div class=\"elementor-widget-container\">\n\t\t\t\t\t\t\t\t\t\t\t\t\t\t\t<img loading=\"lazy\" decoding=\"async\" width=\"300\" height=\"300\" src=\"https:\/\/conflansmontjoie.org\/wp-content\/uploads\/2025\/07\/DSC_0062-300x300.jpg\" class=\"attachment-medium size-medium wp-image-4223\" alt=\"\" srcset=\"https:\/\/conflansmontjoie.org\/wp-content\/uploads\/2025\/07\/DSC_0062-300x300.jpg 300w, https:\/\/conflansmontjoie.org\/wp-content\/uploads\/2025\/07\/DSC_0062-1024x1024.jpg 1024w, https:\/\/conflansmontjoie.org\/wp-content\/uploads\/2025\/07\/DSC_0062-150x150.jpg 150w, https:\/\/conflansmontjoie.org\/wp-content\/uploads\/2025\/07\/DSC_0062-768x768.jpg 768w, https:\/\/conflansmontjoie.org\/wp-content\/uploads\/2025\/07\/DSC_0062-1140x1140.jpg 1140w, https:\/\/conflansmontjoie.org\/wp-content\/uploads\/2025\/07\/DSC_0062-75x75.jpg 75w, https:\/\/conflansmontjoie.org\/wp-content\/uploads\/2025\/07\/DSC_0062.jpg 1347w\" sizes=\"(max-width: 300px) 100vw, 300px\" \/>\t\t\t\t\t\t\t\t\t\t\t\t\t\t\t<\/div>\n\t\t\t\t<\/div>\n\t\t\t\t<div class=\"elementor-element elementor-element-b633ca2 elementor-widget elementor-widget-text-editor\" data-id=\"b633ca2\" data-element_type=\"widget\" data-e-type=\"widget\" data-widget_type=\"text-editor.default\">\n\t\t\t\t<div class=\"elementor-widget-container\">\n\t\t\t\t\t\t\t\t\t<p>Joseph CADO, \u00e0 la retraite.<\/p><p>Intronis\u00e9 en 2011<\/p>\t\t\t\t\t\t\t\t<\/div>\n\t\t\t\t<\/div>\n\t\t\t\t<div class=\"elementor-element elementor-element-32311bb elementor-widget elementor-widget-image\" data-id=\"32311bb\" data-element_type=\"widget\" data-e-type=\"widget\" data-widget_type=\"image.default\">\n\t\t\t\t<div class=\"elementor-widget-container\">\n\t\t\t\t\t\t\t\t\t\t\t\t\t\t\t<img loading=\"lazy\" decoding=\"async\" width=\"84\" height=\"118\" src=\"https:\/\/conflansmontjoie.org\/wp-content\/uploads\/2025\/02\/Lambert_Xavier.png\" class=\"attachment-large size-large wp-image-1167\" alt=\"\" \/>\t\t\t\t\t\t\t\t\t\t\t\t\t\t\t<\/div>\n\t\t\t\t<\/div>\n\t\t\t\t<div class=\"elementor-element elementor-element-802b27c elementor-widget elementor-widget-text-editor\" data-id=\"802b27c\" data-element_type=\"widget\" data-e-type=\"widget\" data-widget_type=\"text-editor.default\">\n\t\t\t\t<div class=\"elementor-widget-container\">\n\t\t\t\t\t\t\t\t\t<p>Xavier LAMBERT, en Activit\u00e9<\/p><p>Intronis\u00e9 en 2016<\/p>\t\t\t\t\t\t\t\t<\/div>\n\t\t\t\t<\/div>\n\t\t\t\t<div class=\"elementor-element elementor-element-9f28e95 elementor-widget elementor-widget-image\" data-id=\"9f28e95\" data-element_type=\"widget\" data-e-type=\"widget\" data-widget_type=\"image.default\">\n\t\t\t\t<div class=\"elementor-widget-container\">\n\t\t\t\t\t\t\t\t\t\t\t\t\t\t\t<img loading=\"lazy\" decoding=\"async\" width=\"300\" height=\"300\" src=\"https:\/\/conflansmontjoie.org\/wp-content\/uploads\/2025\/07\/HUGUES-RIBAULT-1-300x300.jpg\" class=\"attachment-medium size-medium wp-image-4086\" alt=\"\" srcset=\"https:\/\/conflansmontjoie.org\/wp-content\/uploads\/2025\/07\/HUGUES-RIBAULT-1-300x300.jpg 300w, https:\/\/conflansmontjoie.org\/wp-content\/uploads\/2025\/07\/HUGUES-RIBAULT-1-150x150.jpg 150w, https:\/\/conflansmontjoie.org\/wp-content\/uploads\/2025\/07\/HUGUES-RIBAULT-1-75x75.jpg 75w, https:\/\/conflansmontjoie.org\/wp-content\/uploads\/2025\/07\/HUGUES-RIBAULT-1.jpg 475w\" sizes=\"(max-width: 300px) 100vw, 300px\" \/>\t\t\t\t\t\t\t\t\t\t\t\t\t\t\t<\/div>\n\t\t\t\t<\/div>\n\t\t\t\t<div class=\"elementor-element elementor-element-6f512aa elementor-widget elementor-widget-text-editor\" data-id=\"6f512aa\" data-element_type=\"widget\" data-e-type=\"widget\" data-widget_type=\"text-editor.default\">\n\t\t\t\t<div class=\"elementor-widget-container\">\n\t\t\t\t\t\t\t\t\t<p>Hugues RIBAULT, \u00e0 la retraite<\/p><p>Intronis\u00e9 en 2015<\/p>\t\t\t\t\t\t\t\t<\/div>\n\t\t\t\t<\/div>\n\t\t\t\t<div class=\"elementor-element elementor-element-3e99242 elementor-widget elementor-widget-image\" data-id=\"3e99242\" data-element_type=\"widget\" data-e-type=\"widget\" data-widget_type=\"image.default\">\n\t\t\t\t<div class=\"elementor-widget-container\">\n\t\t\t\t\t\t\t\t\t\t\t\t\t\t\t<img loading=\"lazy\" decoding=\"async\" width=\"300\" height=\"300\" src=\"https:\/\/conflansmontjoie.org\/wp-content\/uploads\/2025\/07\/Claude-NEY_400x400-300x300.jpg\" class=\"attachment-medium size-medium wp-image-4091\" alt=\"\" srcset=\"https:\/\/conflansmontjoie.org\/wp-content\/uploads\/2025\/07\/Claude-NEY_400x400-300x300.jpg 300w, https:\/\/conflansmontjoie.org\/wp-content\/uploads\/2025\/07\/Claude-NEY_400x400-150x150.jpg 150w, https:\/\/conflansmontjoie.org\/wp-content\/uploads\/2025\/07\/Claude-NEY_400x400-75x75.jpg 75w, https:\/\/conflansmontjoie.org\/wp-content\/uploads\/2025\/07\/Claude-NEY_400x400.jpg 400w\" sizes=\"(max-width: 300px) 100vw, 300px\" \/>\t\t\t\t\t\t\t\t\t\t\t\t\t\t\t<\/div>\n\t\t\t\t<\/div>\n\t\t\t\t<div class=\"elementor-element elementor-element-efeeee1 elementor-widget elementor-widget-text-editor\" data-id=\"efeeee1\" data-element_type=\"widget\" data-e-type=\"widget\" data-widget_type=\"text-editor.default\">\n\t\t\t\t<div class=\"elementor-widget-container\">\n\t\t\t\t\t\t\t\t\t<p>Claude NEY, \u00e0 la retraite<\/p><p>Intronis\u00e9 en 1991<\/p>\t\t\t\t\t\t\t\t<\/div>\n\t\t\t\t<\/div>\n\t\t\t\t<div class=\"elementor-element elementor-element-13e1160 elementor-widget elementor-widget-image\" data-id=\"13e1160\" data-element_type=\"widget\" data-e-type=\"widget\" data-widget_type=\"image.default\">\n\t\t\t\t<div class=\"elementor-widget-container\">\n\t\t\t\t\t\t\t\t\t\t\t\t\t\t\t<img loading=\"lazy\" decoding=\"async\" width=\"82\" height=\"106\" src=\"https:\/\/conflansmontjoie.org\/wp-content\/uploads\/2025\/02\/Esnault_Francois.png\" class=\"attachment-large size-large wp-image-1171\" alt=\"\" \/>\t\t\t\t\t\t\t\t\t\t\t\t\t\t\t<\/div>\n\t\t\t\t<\/div>\n\t\t\t\t<div class=\"elementor-element elementor-element-110fd41 elementor-widget elementor-widget-text-editor\" data-id=\"110fd41\" data-element_type=\"widget\" data-e-type=\"widget\" data-widget_type=\"text-editor.default\">\n\t\t\t\t<div class=\"elementor-widget-container\">\n\t\t\t\t\t\t\t\t\t<p>Fran\u00e7ois ESNAULT, \u00e0 la retraite.<\/p><p>Membre fondateur en 1990<\/p>\t\t\t\t\t\t\t\t<\/div>\n\t\t\t\t<\/div>\n\t\t\t\t<div class=\"elementor-element elementor-element-62a2212 elementor-widget elementor-widget-image\" data-id=\"62a2212\" data-element_type=\"widget\" data-e-type=\"widget\" data-widget_type=\"image.default\">\n\t\t\t\t<div class=\"elementor-widget-container\">\n\t\t\t\t\t\t\t\t\t\t\t\t\t\t\t<img loading=\"lazy\" decoding=\"async\" width=\"96\" height=\"120\" src=\"https:\/\/conflansmontjoie.org\/wp-content\/uploads\/2025\/02\/Gaillard_Pierre.png\" class=\"attachment-medium size-medium wp-image-1170\" alt=\"\" \/>\t\t\t\t\t\t\t\t\t\t\t\t\t\t\t<\/div>\n\t\t\t\t<\/div>\n\t\t\t\t<div class=\"elementor-element elementor-element-81898e4 elementor-widget elementor-widget-text-editor\" data-id=\"81898e4\" data-element_type=\"widget\" data-e-type=\"widget\" data-widget_type=\"text-editor.default\">\n\t\t\t\t<div class=\"elementor-widget-container\">\n\t\t\t\t\t\t\t\t\t<p>Pierre GAILLARD, \u00e0 la retraite.<\/p><p>Membre fondateur en 1990<\/p>\t\t\t\t\t\t\t\t<\/div>\n\t\t\t\t<\/div>\n\t\t\t\t\t<\/div>\n\t\t\t\t<\/div>\n\t\t\t\t<\/div>\n\t\t","protected":false},"excerpt":{"rendered":"<p>Herv\u00e9 DAOUDA, en activ\u00e9. Entr\u00e9e dans le club en 2024 Thierry FROGER, je conduis des enfants avec un handicap. Intronis\u00e9 en 2024 Jean LIMOZIN, entrepreneur. Entr\u00e9e dans le club en 2023 Pierre Alexandre MORVANT, en activit\u00e9 Intronis\u00e9 en 2023 Anick DENNLER, \u00e0 la retraite. Intronis\u00e9e en 2022 Bernard PAUTET, \u00e0 la retraite. Intronis\u00e9 en 2019 Thierry DORNBERGER, fonctionnaire Intronis\u00e9e en 2018 Gilles GLIKOU, en activit\u00e9 Entr\u00e9e au club en 2018 Jean-Claude MICHAUD, \u00e0 la retraite Intronis\u00e9 en 2016 Bertrand OGEE, \u00e0 la retraite. Intronis\u00e9 en 2014 Edouard GOXE, en activit\u00e9 Intronis\u00e9 en 2013 Jean-Claude BUSLON, \u00e0 la retraite Intronis\u00e9 en 2013 Jean Rapha\u00ebl THIERRY FORESTIER LAMBERT, en activit\u00e9 Intronis\u00e9 en 2013 Gouverneur 2024-2025 District 103 IDFO Joseph CADO, \u00e0 la retraite. Intronis\u00e9 en 2011 Xavier LAMBERT, en Activit\u00e9 Intronis\u00e9 en 2016 Hugues RIBAULT, \u00e0 la retraite Intronis\u00e9 en 2015 Claude NEY, \u00e0 la retraite Intronis\u00e9 en 1991 Fran\u00e7ois ESNAULT, \u00e0 la retraite. Membre fondateur en 1990 Pierre GAILLARD, \u00e0 la retraite. Membre fondateur en 1990<\/p>\n","protected":false},"author":1,"featured_media":1270,"parent":0,"menu_order":0,"comment_status":"closed","ping_status":"closed","template":"","meta":{"footnotes":""},"class_list":["post-248","page","type-page","status-publish","has-post-thumbnail","hentry"],"_links":{"self":[{"href":"https:\/\/conflansmontjoie.org\/index.php?rest_route=\/wp\/v2\/pages\/248","targetHints":{"allow":["GET"]}}],"collection":[{"href":"https:\/\/conflansmontjoie.org\/index.php?rest_route=\/wp\/v2\/pages"}],"about":[{"href":"https:\/\/conflansmontjoie.org\/index.php?rest_route=\/wp\/v2\/types\/page"}],"author":[{"embeddable":true,"href":"https:\/\/conflansmontjoie.org\/index.php?rest_route=\/wp\/v2\/users\/1"}],"replies":[{"embeddable":true,"href":"https:\/\/conflansmontjoie.org\/index.php?rest_route=%2Fwp%2Fv2%2Fcomments&post=248"}],"version-history":[{"count":92,"href":"https:\/\/conflansmontjoie.org\/index.php?rest_route=\/wp\/v2\/pages\/248\/revisions"}],"predecessor-version":[{"id":4226,"href":"https:\/\/conflansmontjoie.org\/index.php?rest_route=\/wp\/v2\/pages\/248\/revisions\/4226"}],"wp:featuredmedia":[{"embeddable":true,"href":"https:\/\/conflansmontjoie.org\/index.php?rest_route=\/wp\/v2\/media\/1270"}],"wp:attachment":[{"href":"https:\/\/conflansmontjoie.org\/index.php?rest_route=%2Fwp%2Fv2%2Fmedia&parent=248"}],"curies":[{"name":"wp","href":"https:\/\/api.w.org\/{rel}","templated":true}]}}